{"id":6791,"date":"2024-01-18T16:01:28","date_gmt":"2024-01-18T15:01:28","guid":{"rendered":"https:\/\/www.lolipharma.it\/it\/?page_id=6791"},"modified":"2024-01-18T16:01:36","modified_gmt":"2024-01-18T15:01:36","slug":"whistleblowing-segnalazione-di-illeciti","status":"publish","type":"page","link":"https:\/\/www.lolipharma.it\/it\/whistleblowing-segnalazione-di-illeciti\/","title":{"rendered":"Whistleblowing &#8211; Segnalazione di illeciti"},"content":{"rendered":"<p>[et_pb_section fb_built=&#8221;1&#8243; _builder_version=&#8221;4.16&#8243; global_colors_info=&#8221;{}&#8221;][et_pb_row _builder_version=&#8221;4.16&#8243; background_size=&#8221;initial&#8221; background_position=&#8221;top_left&#8221; background_repeat=&#8221;repeat&#8221; global_colors_info=&#8221;{}&#8221;][et_pb_column type=&#8221;4_4&#8243; _builder_version=&#8221;4.16&#8243; custom_padding=&#8221;|||&#8221; global_colors_info=&#8221;{}&#8221; custom_padding__hover=&#8221;|||&#8221;][et_pb_text _builder_version=&#8221;4.20.4&#8243; background_size=&#8221;initial&#8221; background_position=&#8221;top_left&#8221; background_repeat=&#8221;repeat&#8221; global_colors_info=&#8221;{}&#8221;]<\/p>\n<h1><strong>Informativa sul trattamento dei dati personali<\/strong><br \/><strong>Dati raccolti presso l&#8217;interessato<\/strong><\/h1>\n<p>Gentile interessato,<br \/>scopo del presente documento \u00e8 di informare la persona fisica (secondo la normativa definito come \u201cinteressato\u201d) relativamente al trattamento dei dati personali raccolti dal titolare del trattamento LO.LI. PHARMA S.r.l. (di seguito anche \u201ctitolare\u201d), ai sensi dell&#8217;articolo 13 del regolamento (UE) 2016\/679 relativo alla protezione delle persone fisiche con riguardo al trattamento dei dati personali (di seguito anche \u201cRegolamento\u201d o &#8220;GDPR (General Data Protection Regulation)&#8221;) e del D.Lgs. 2003\/196 come modificato dal D.Lgs. 2018\/101 \u201cCodice in materia di protezione dei dati personali recante disposizioni per l&#8217;adeguamento dell&#8217;ordinamento nazionale al regolamento (UE) 2016\/679 del Parlamento europeo e del Consiglio, del 27 aprile 2016, relativo alla protezione delle persone fisiche con riguardo al trattamento dei dati personali, nonch\u00e9 alla libera circolazione di tali dati e che abroga la direttiva 95\/46\/CE\u201d (di seguito anche \u201cCodice\u201d).<br \/>Il titolare potr\u00e0 modificare, in tutto o in parte, la presente informativa dandone comunicazione agli interessati.<br \/>I suoi dati personali saranno trattati secondo i principi di correttezza, liceit\u00e0 e trasparenza. La disponibilit\u00e0, la gestione, l\u2019accesso, la conservazione e la fruibilit\u00e0 dei dati \u00e8 garantita dall\u2019adozione di misure tecniche ed organizzative ritenute adeguate dal titolare del trattamento per assicurare gli opportuni livelli di sicurezza ai sensi degli articoli 25 e 32 del regolamento (UE) 2016\/679 in riferimento alla propria attivit\u00e0.<br \/>Con riferimento ai dati personali oggetto di trattamento, il titolare fornisce le seguenti informazioni.<\/p>\n<p>[\/et_pb_text][et_pb_text _builder_version=&#8221;4.20.4&#8243; _module_preset=&#8221;default&#8221; global_colors_info=&#8221;{}&#8221;]<\/p>\n<h2><strong>GENERALIT\u00c0 DEL TITOLARE DEL TRATTAMENTO E DATI DI CONTATTO<\/strong><\/h2>\n<p>Il titolare del trattamento dei suoi dati personali \u00e8 LO.LI. PHARMA S.r.l., con sede in Via Sabatino Gianni, 14 &#8211; 00156 Roma, RM &#8211; Italia, responsabile nei suoi confronti del legittimo e corretto uso dei suoi dati personali e che potr\u00e0 contattare per qualsiasi informazione o richiesta ai seguenti recapiti:<br \/>PEC: lolipharma@pec.it; E-mail: privacy@lolipharma.it; Telefono: 0622442074<\/p>\n<p>[\/et_pb_text][et_pb_text _builder_version=&#8221;4.20.4&#8243; _module_preset=&#8221;default&#8221; global_colors_info=&#8221;{}&#8221;]<\/p>\n<h2><strong>CATEGORIE DI DATI PERSONALI TRATTATI<\/strong><\/h2>\n<p>I suoi dati personali trattati dal titolare afferiscono alle seguenti categorie di informazioni:<br \/>Nome e Cognome; Dati di contatto (numero di telefono, e-mail, ecc.)<\/p>\n<p>[\/et_pb_text][et_pb_text _builder_version=&#8221;4.20.4&#8243; _module_preset=&#8221;default&#8221; global_colors_info=&#8221;{}&#8221;]<\/p>\n<h2><strong>FINALIT\u00c0 DEL TRATTAMENTO<\/strong><\/h2>\n<p>I suoi dati personali sono raccolti e trattati per le finalit\u00e0 riportate di seguito insieme al criterio sul quale si fonda il trattamento e all\u2019eventuale base giuridica di riferimento:<\/p>\n<p>[\/et_pb_text][et_pb_text _builder_version=&#8221;4.20.4&#8243; _module_preset=&#8221;default&#8221; global_colors_info=&#8221;{}&#8221;]<\/p>\n<div class=\"responsive-table\" style=\"width: 100% !important; overflow-x: auto;\">\n<table style=\"width: 100%; height: 143px;\">\n<thead>\n<tr style=\"height: 47px;\">\n<th style=\"width: 13.857%; text-align: center; height: 47px;\"><b>Finalit\u00e0<\/b><\/th>\n<th style=\"height: 47px; width: 28.6515%; text-align: center;\"><strong>Criterio di liceit\u00e0<\/strong><\/th>\n<th style=\"height: 47px; width: 21.0765%; text-align: center;\"><strong>Categorie di dati trattati<\/strong><\/th>\n<th style=\"height: 47px; width: 26.2957%; text-align: center;\"><b>Base giuridica<\/b><\/th>\n<\/tr>\n<\/thead>\n<tbody>\n<tr style=\"height: 71px;\">\n<td style=\"width: 13.857%; text-align: center; height: 96px;\">Whistleblowing<\/td>\n<td style=\"height: 96px; width: 28.6515%; text-align: center;\">Il trattamento \u00e8 necessario per adempiere un obbligo legale al quale \u00e8 soggetto il titolare del trattamento<\/td>\n<td style=\"height: 96px; width: 21.0765%; text-align: center;\"><span>Nome e Cognome; Dati di contatto (numero di telefono, e-mail, ecc.)<\/span><\/td>\n<td style=\"height: 96px; width: 26.2957%; text-align: center;\">Decreto Legislativo 10 marzo 2023, n. 24<\/td>\n<\/tr>\n<\/tbody>\n<\/table>\n<\/div>\n<p>[\/et_pb_text][et_pb_text _builder_version=&#8221;4.20.4&#8243; _module_preset=&#8221;default&#8221; global_colors_info=&#8221;{}&#8221;]<\/p>\n<h2><strong>Obblighi legali del Titolare<\/strong><\/h2>\n<p>Poich\u00e9 alcune delle finalit\u00e0 presentate derivano da un obbligo legale al quale \u00e8 soggetto il Titolare, di seguito \u00e8 riportata la descrizione dettagliata di tale obbligo:<\/p>\n<p>[\/et_pb_text][et_pb_text _builder_version=&#8221;4.20.4&#8243; _module_preset=&#8221;default&#8221; global_colors_info=&#8221;{}&#8221;]<\/p>\n<div class=\"responsive-table\" style=\"width: 100% !important; overflow-x: auto;\">\n<table style=\"width: 100%; height: 143px;\">\n<thead>\n<tr style=\"height: 47px;\">\n<th style=\"width: 12.4451%; text-align: center; height: 47px;\"><b>Finalit\u00e0<\/b><\/th>\n<th style=\"height: 47px; width: 30.0634%; text-align: center;\"><strong>Descrizione dell\u2019obbligo legale del titolare<\/strong><\/th>\n<\/tr>\n<\/thead>\n<tbody>\n<tr style=\"height: 71px;\">\n<td style=\"width: 12.4451%; text-align: center; height: 96px;\">Whistleblowing<\/td>\n<td style=\"height: 96px; width: 30.0634%; text-align: left;\">Prevenzione e Identificazione di Illeciti:Scopo Primario: Utilizzare i dati per identificare e prevenire comportamenti illeciti, frodi, corruzione, violazioni legali o regolamentari all&#8217;interno dell&#8217;organizzazione.Rilevazione di Problemi: Identificare potenziali rischi o problemi etici e di conformit\u00e0 che potrebbero danneggiare l&#8217;organizzazione o le sue parti interessate.Indagini e Azioni Correttive:Conduzione di Indagini: Utilizzare i dati raccolti per investigare su segnalazioni specifiche in modo confidenziale e imparziale.Implementazione di Misure Correttive: Adottare misure appropriate in risposta alle segnalazioni verificate, come modifiche alle politiche interne, azioni disciplinari o azioni legali.Conformit\u00e0 Legale e Regolamentare:Adempimento degli Obblighi Legali: Assicurare che l&#8217;organizzazione rispetti le leggi e i regolamenti applicabili in materia di whistleblowing e protezione dei dati.Documentazione e Reporting: Mantenere registrazioni adeguate per dimostrare la conformit\u00e0 con tali obblighi.Trasparenza e Responsabilit\u00e0 Organizzativa:Promozione di un Ambiente Etico: Favorire una cultura organizzativa che supporti la trasparenza, la responsabilit\u00e0 e l&#8217;integrit\u00e0.Protezione dei Segnalanti: Assicurare che i segnalanti siano protetti dalla ritorsione e garantire la riservatezza delle loro identit\u00e0, quando applicabile.Gestione delle Comunicazioni e delle Risposte:Comunicazione con il Segnalante: Gestire le comunicazioni con i segnalanti in modo tempestivo e appropriato, fornendo aggiornamenti sullo stato delle indagini quando necessario.Feedback e Miglioramento Continuo: Utilizzare le informazioni derivanti dalle segnalazioni per migliorare continuamente le politiche e le procedure interne.<\/td>\n<\/tr>\n<\/tbody>\n<\/table>\n<\/div>\n<p>[\/et_pb_text][et_pb_text _builder_version=&#8221;4.20.4&#8243; _module_preset=&#8221;default&#8221; global_colors_info=&#8221;{}&#8221;]<\/p>\n<h2><strong>MODALIT\u00c0 DI TRATTAMENTO E COMUNICAZIONE DEI DATI<\/strong><\/h2>\n<p>Il trattamento sar\u00e0 svolto in forma manuale, nel rispetto di quanto previsto dall\u2019art. 32 del GDPR 2016\/679 in materia di misure di sicurezza, ad opera di soggetti appositamente incaricati e in ottemperanza a quanto previsto dall\u2019art. 29 GDPR 2016\/ 679.<br \/>I dati vengono raccolti quando un segnalante fornisce informazioni relative a sospetti illeciti o comportamenti non conformi, attraverso la piattaforma Implementata da ISWEB sulla base della piattaforma open source Globaleaks. L&#8217;accesso ai dati \u00e8 limitato ai membri dell&#8217;Organismo di Vigilanza, personale autorizzato e adeguatamente formato.<\/p>\n<h2><strong>DESTINATARI<\/strong><\/h2>\n<p>Condivisione e divulgazione:<br \/>Interno: Condivisione con dipartimenti o individui interni autorizzati per le indagini o azioni correttive.<br \/>Esterno: Divulgazione a enti esterni (es. autorit\u00e0 legali) solo se richiesto per legge o con il consenso del segnalante. <br \/>In nessun caso i suoi dati saranno oggetto di divulgazione a destinatari, come definiti all\u2019articolo 4 del regolamento (UE) 2016\/679.<\/p>\n<h2><strong>PERIODO DI CONSERVAZIONE<\/strong><\/h2>\n<p>I dati sono trattati e conservati per il tempo strettamente richiesto dalle finalit\u00e0 per le quali sono stati raccolti.<br \/>In linea generale, i dati personali raccolti per scopi collegati all\u2019esecuzione di un contratto tra il titolare e l\u2019interessato saranno trattati sino a quando sia completata l\u2019esecuzione di tale contratto; i dati personali raccolti per finalit\u00e0 riconducibili all\u2019interesse legittimo del titolare saranno trattati sino a quando sussister\u00e0 tale legittimo interesse.<br \/>Quando il trattamento \u00e8 basato sul consenso dell\u2019interessato, il titolare pu\u00f2 conservare i dati personali fino a quando detto consenso non venga revocato.<br \/>Inoltre, il titolare potrebbe essere obbligato a conservare i dati personali per un periodo maggiore di quello inizialmente stabilito per ottemperare a un obbligo di legge o per ordine di un\u2019autorit\u00e0 pubblica.<br \/>Al termine del periodo di conservazione i dati personali saranno cancellati. Pertanto, successivamente a tale termine i diritti di accesso, cancellazione, rettifica e alla portabilit\u00e0 dei dati non potranno pi\u00f9 essere esercitati da parte La tabella seguente contiene informazioni dettagliate riguardanti il criterio seguito per determinare la conclusione del ciclo di vita dei dati e\/o la presumibile data di conclusione e\/o il periodo prestabilito del loro trattamento.<\/p>\n<p>[\/et_pb_text][et_pb_text _builder_version=&#8221;4.20.4&#8243; _module_preset=&#8221;default&#8221; hover_enabled=&#8221;0&#8243; global_colors_info=&#8221;{}&#8221; sticky_enabled=&#8221;0&#8243;]<\/p>\n<div class=\"responsive-table\" style=\"width: 100% !important; overflow-x: auto;\">\n<table style=\"width: 100%; height: 143px;\">\n<thead>\n<tr style=\"height: 47px;\">\n<th style=\"width: 12.4451%; text-align: center; height: 47px;\"><strong>Trattamenti<\/strong><\/th>\n<th style=\"height: 47px; width: 30.0634%; text-align: center;\"><strong>Descrizione<\/strong><\/th>\n<\/tr>\n<\/thead>\n<tbody>\n<tr style=\"height: 71px;\">\n<td style=\"width: 12.4451%; text-align: center; height: 96px;\">Segnalazione di illeciti (Whistleblowing)<\/td>\n<td style=\"height: 96px; width: 30.0634%; text-align: center;\">I dati vengono conservati per il periodo stabilito dalle politiche interne e dai requisiti legali e comunque per un periodo non superiore a 5 anni.<\/td>\n<\/tr>\n<\/tbody>\n<\/table>\n<\/div>\n<p>[\/et_pb_text][et_pb_text _builder_version=&#8221;4.20.4&#8243; _module_preset=&#8221;default&#8221; hover_enabled=&#8221;0&#8243; global_colors_info=&#8221;{}&#8221; sticky_enabled=&#8221;0&#8243;]<\/p>\n<h2><strong>TRASFERIMENTO DEI DATI PERSONALI<\/strong><\/h2>\n<p>I dati non sono oggetto di trasferimento in paesi al di fuori della Unione Europea; tuttavia l&#8217;utilizzo di servizi cloud potrebbe determinare un trasferimento all\u2019esterno dello Spazio Economico Europeo, in tali situazioni, ai trasferimenti dei dati si applicano le Clausole contrattuali standard (SCC) adottate dalla Commissione Europea.<\/p>\n<h2><strong>DIRITTI DELL\u2019INTERESSATO<\/strong><\/h2>\n<p>Oltre alle informazioni sopra riportate, per garantire un trattamento dei suoi dati personali pi\u00f9 corretto e trasparente possibile, \u00e8 opportuno che sia a conoscenza del fatto che in ogni momento potr\u00e0 esercitare, ai sensi degli articoli dal 15 al 22 del regolamento (UE) 2016\/679, il diritto di:<\/p>\n<p>a) chiedere l\u2019accesso ai dati personali e la conferma dell\u2019esistenza o meno di propri dati personali;<br \/>b) ottenere le indicazioni circa le finalit\u00e0 del trattamento, le categorie dei dati personali, i destinatari o le categorie di destinatari a cui i dati personali sono stati o saranno comunicati e, quando possibile, il periodo di conservazione;<br \/>c) ottenere la rettifica e la cancellazione dei dati;<br \/>d) ottenere la limitazione del trattamento;<br \/>e) ottenere la portabilit\u00e0 dei dati, ossia riceverli da un titolare del trattamento, in un formato strutturato, di uso comune e leggibile da dispositivo automatico, e trasmetterli ad un altro titolare del trattamento senza impedimenti;<br \/>f) opporsi al trattamento in qualsiasi momento e anche nel caso di trattamento per finalit\u00e0 di marketing diretto;<br \/>g) opporsi ad un processo decisionale automatizzato relativo alle persone fisiche, compresa la profilazione;<br \/>h) revocare il consenso in qualsiasi momento senza pregiudicare la liceit\u00e0 del trattamento basata sul consenso prestato prima della revoca;<br \/>i) proporre reclamo a un\u2019autorit\u00e0 di controllo.<\/p>\n<p>Pu\u00f2 esercitare i suoi diritti con richiesta scritta inviata via posta tradizionale o via email ai recapiti indicati in questo documento.<\/p>\n<p>[\/et_pb_text][\/et_pb_column][\/et_pb_row][\/et_pb_section]<\/p>\n","protected":false},"excerpt":{"rendered":"<p>Informativa sul trattamento dei dati personaliDati raccolti presso l&#8217;interessato Gentile interessato,scopo del presente documento \u00e8 di informare la persona fisica (secondo la normativa definito come \u201cinteressato\u201d) relativamente al trattamento dei dati personali raccolti dal titolare del trattamento LO.LI. PHARMA S.r.l. (di seguito anche \u201ctitolare\u201d), ai sensi dell&#8217;articolo 13 del regolamento (UE) 2016\/679 relativo alla protezione [&hellip;]<\/p>\n","protected":false},"author":1,"featured_media":0,"parent":0,"menu_order":0,"comment_status":"closed","ping_status":"open","template":"","meta":{"_acf_changed":false,"_et_pb_use_builder":"on","_et_pb_old_content":"<!-- wp:heading -->\n<h2>Chi siamo<\/h2>\n<!-- \/wp:heading -->\n\n<!-- wp:paragraph -->\n<p>L'indirizzo del nostro sito web \u00e8: http:\/\/lolinew.cloudfactory.it.<\/p>\n<!-- \/wp:paragraph -->\n\n<!-- wp:heading -->\n<h2>Quali dati personali raccogliamo e perch\u00e9 li raccogliamo<\/h2>\n<!-- \/wp:heading -->\n\n<!-- wp:heading {\"level\":3} -->\n<h3>Commenti<\/h3>\n<!-- \/wp:heading -->\n\n<!-- wp:paragraph -->\n<p>Quando i visitatori lasciano commenti sul sito, raccogliamo i dati mostrati nel modulo dei commenti oltre all'indirizzo IP del visitatore e la stringa dello user agent del browser per facilitare il rilevamento dello spam.<\/p>\n<!-- \/wp:paragraph -->\n\n<!-- wp:paragraph -->\n<p>Una stringa anonimizzata creata a partire dal tuo indirizzo email (altrimenti detta hash) pu\u00f2 essere fornita al servizio Gravatar per vedere se lo stai usando. La privacy policy del servizio Gravatar \u00e8 disponibile qui: https:\/\/automattic.com\/privacy\/. Dopo l'approvazione del tuo commento, la tua immagine del profilo \u00e8 visibile al pubblico nel contesto del tuo commento.<\/p>\n<!-- \/wp:paragraph -->\n\n<!-- wp:heading {\"level\":3} -->\n<h3>Media<\/h3>\n<!-- \/wp:heading -->\n\n<!-- wp:paragraph -->\n<p>Se carichi immagini sul sito web, dovresti evitare di caricare immagini che includono i dati di posizione incorporati (EXIF GPS). I visitatori del sito web possono scaricare ed estrarre qualsiasi dato sulla posizione dalle immagini sul sito web.<\/p>\n<!-- \/wp:paragraph -->\n\n<!-- wp:heading {\"level\":3} -->\n<h3>Modulo di contatto<\/h3>\n<!-- \/wp:heading -->\n\n<!-- wp:heading {\"level\":3} -->\n<h3>Cookie<\/h3>\n<!-- \/wp:heading -->\n\n<!-- wp:paragraph -->\n<p>Se lasci un commento sul nostro sito, puoi scegliere di salvare il tuo nome, indirizzo email e sito web nei cookie. Sono usati per la tua comodit\u00e0 in modo che tu non debba inserire nuovamente i tuoi dati quando lasci un altro commento. Questi cookie dureranno per un anno.<\/p>\n<!-- \/wp:paragraph -->\n\n<!-- wp:paragraph -->\n<p>Se visiti la pagina di login, verr\u00e0 impostato un cookie temporaneo per determinare se il tuo browser accetta i cookie. Questo cookie non contiene dati personali e viene eliminato quando chiudi il browser.<\/p>\n<!-- \/wp:paragraph -->\n\n<!-- wp:paragraph -->\n<p>Quando effettui l'accesso, verranno impostati diversi cookie per salvare le tue informazioni di accesso e le tue opzioni di visualizzazione dello schermo. I cookie di accesso durano due giorni mentre i cookie per le opzioni dello schermo durano un anno. Se selezioni \"Ricordami\", il tuo accesso persister\u00e0 per due settimane. Se esci dal tuo account, i cookie di accesso verranno rimossi.<\/p>\n<!-- \/wp:paragraph -->\n\n<!-- wp:paragraph -->\n<p>Se modifichi o pubblichi un articolo, un cookie aggiuntivo verr\u00e0 salvato nel tuo browser. Questo cookie non include dati personali, ma indica semplicemente l'ID dell'articolo appena modificato. Scade dopo 1 giorno.<\/p>\n<!-- \/wp:paragraph -->\n\n<!-- wp:heading {\"level\":3} -->\n<h3>Contenuto incorporato da altri siti web<\/h3>\n<!-- \/wp:heading -->\n\n<!-- wp:paragraph -->\n<p>Gli articoli su questo sito possono includere contenuti incorporati (ad esempio video, immagini, articoli, ecc.). I contenuti incorporati da altri siti web si comportano esattamente allo stesso modo come se il visitatore avesse visitato l'altro sito web.<\/p>\n<!-- \/wp:paragraph -->\n\n<!-- wp:paragraph -->\n<p>Questi siti web possono raccogliere dati su di te, usare cookie, integrare ulteriori tracciamenti di terze parti e monitorare l'interazione con essi, incluso il tracciamento della tua interazione con il contenuto incorporato se hai un account e sei connesso a quei siti web.<\/p>\n<!-- \/wp:paragraph -->\n\n<!-- wp:heading {\"level\":3} -->\n<h3>Analytics<\/h3>\n<!-- \/wp:heading -->\n\n<!-- wp:heading -->\n<h2>Con chi condividiamo i tuoi dati<\/h2>\n<!-- \/wp:heading -->\n\n<!-- wp:heading -->\n<h2>Per quanto tempo conserviamo i tuoi dati<\/h2>\n<!-- \/wp:heading -->\n\n<!-- wp:paragraph -->\n<p>Se lasci un commento, il commento e i relativi metadati vengono conservati a tempo indeterminato. \u00c8 cos\u00ec che possiamo riconoscere e approvare automaticamente eventuali commenti successivi invece di tenerli in una coda di moderazione.<\/p>\n<!-- \/wp:paragraph -->\n\n<!-- wp:paragraph -->\n<p>Per gli utenti che si registrano sul nostro sito web (se presenti), memorizziamo anche le informazioni personali che forniscono nel loro profilo utente. Tutti gli utenti possono vedere, modificare o cancellare le loro informazioni personali in qualsiasi momento (eccetto il loro nome utente che non possono cambiare). Gli amministratori del sito web possono anche vedere e modificare queste informazioni.<\/p>\n<!-- \/wp:paragraph -->\n\n<!-- wp:heading -->\n<h2>Quali diritti hai sui tuoi dati<\/h2>\n<!-- \/wp:heading -->\n\n<!-- wp:paragraph -->\n<p>Se hai un account su questo sito, o hai lasciato commenti, puoi richiedere di ricevere un file esportato dal sito con i dati personali che abbiamo su di te, compresi i dati che ci hai fornito. Puoi anche richiedere che cancelliamo tutti i dati personali che ti riguardano. Questo non include i dati che siamo obbligati a conservare per scopi amministrativi, legali o di sicurezza.<\/p>\n<!-- \/wp:paragraph -->\n\n<!-- wp:heading -->\n<h2>Dove spediamo i tuoi dati<\/h2>\n<!-- \/wp:heading -->\n\n<!-- wp:paragraph -->\n<p>I commenti dei visitatori possono essere controllati attraverso un servizio di rilevamento automatico dello spam.<\/p>\n<!-- \/wp:paragraph -->\n\n<!-- wp:heading -->\n<h2>Le tue informazioni di contatto<\/h2>\n<!-- \/wp:heading -->\n\n<!-- wp:heading -->\n<h2>Informazioni aggiuntive<\/h2>\n<!-- \/wp:heading -->\n\n<!-- wp:heading {\"level\":3} -->\n<h3>Come proteggiamo i tuoi dati<\/h3>\n<!-- \/wp:heading -->\n\n<!-- wp:heading {\"level\":3} -->\n<h3>Quali procedure abbiamo predisposto per prevenire la violazione dei dati<\/h3>\n<!-- \/wp:heading -->\n\n<!-- wp:heading {\"level\":3} -->\n<h3>Da quali terze parti riceviamo dati<\/h3>\n<!-- \/wp:heading -->\n\n<!-- wp:heading {\"level\":3} -->\n<h3>Quale processo decisionale automatizzato e\/o profilazione facciamo con i dati dell'utente<\/h3>\n<!-- \/wp:heading -->\n\n<!-- wp:heading {\"level\":3} -->\n<h3>Requisiti di informativa normativa del settore<\/h3>\n<!-- \/wp:heading -->","_et_gb_content_width":"1080","footnotes":""},"class_list":["post-6791","page","type-page","status-publish","hentry"],"acf":[],"yoast_head":"<!-- This site is optimized with the Yoast SEO plugin v25.6 - https:\/\/yoast.com\/wordpress\/plugins\/seo\/ -->\n<title>Whistleblowing - Segnalazione di illeciti - Lo.Li. Pharma<\/title>\n<meta name=\"robots\" content=\"index, follow, max-snippet:-1, max-image-preview:large, max-video-preview:-1\" \/>\n<link rel=\"canonical\" href=\"https:\/\/www.lolipharma.it\/it\/whistleblowing-segnalazione-di-illeciti\/\" \/>\n<meta property=\"og:locale\" content=\"it_IT\" \/>\n<meta property=\"og:type\" content=\"article\" \/>\n<meta property=\"og:title\" content=\"Whistleblowing - Segnalazione di illeciti - Lo.Li. Pharma\" \/>\n<meta property=\"og:description\" content=\"Informativa sul trattamento dei dati personaliDati raccolti presso l&#039;interessato Gentile interessato,scopo del presente documento \u00e8 di informare la persona fisica (secondo la normativa definito come \u201cinteressato\u201d) relativamente al trattamento dei dati personali raccolti dal titolare del trattamento LO.LI. PHARMA S.r.l. (di seguito anche \u201ctitolare\u201d), ai sensi dell&#039;articolo 13 del regolamento (UE) 2016\/679 relativo alla protezione [&hellip;]\" \/>\n<meta property=\"og:url\" content=\"https:\/\/www.lolipharma.it\/it\/whistleblowing-segnalazione-di-illeciti\/\" \/>\n<meta property=\"og:site_name\" content=\"Lo.Li. Pharma\" \/>\n<meta property=\"article:modified_time\" content=\"2024-01-18T15:01:36+00:00\" \/>\n<meta name=\"twitter:card\" content=\"summary_large_image\" \/>\n<meta name=\"twitter:label1\" content=\"Tempo di lettura stimato\" \/>\n\t<meta name=\"twitter:data1\" content=\"6 minuti\" \/>\n<script type=\"application\/ld+json\" class=\"yoast-schema-graph\">{\"@context\":\"https:\/\/schema.org\",\"@graph\":[{\"@type\":\"WebPage\",\"@id\":\"https:\/\/www.lolipharma.it\/it\/whistleblowing-segnalazione-di-illeciti\/\",\"url\":\"https:\/\/www.lolipharma.it\/it\/whistleblowing-segnalazione-di-illeciti\/\",\"name\":\"Whistleblowing - Segnalazione di illeciti - Lo.Li. Pharma\",\"isPartOf\":{\"@id\":\"https:\/\/www.lolipharma.it\/it\/#website\"},\"datePublished\":\"2024-01-18T15:01:28+00:00\",\"dateModified\":\"2024-01-18T15:01:36+00:00\",\"breadcrumb\":{\"@id\":\"https:\/\/www.lolipharma.it\/it\/whistleblowing-segnalazione-di-illeciti\/#breadcrumb\"},\"inLanguage\":\"it-IT\",\"potentialAction\":[{\"@type\":\"ReadAction\",\"target\":[\"https:\/\/www.lolipharma.it\/it\/whistleblowing-segnalazione-di-illeciti\/\"]}]},{\"@type\":\"BreadcrumbList\",\"@id\":\"https:\/\/www.lolipharma.it\/it\/whistleblowing-segnalazione-di-illeciti\/#breadcrumb\",\"itemListElement\":[{\"@type\":\"ListItem\",\"position\":1,\"name\":\"Home\",\"item\":\"https:\/\/www.lolipharma.it\/it\/\"},{\"@type\":\"ListItem\",\"position\":2,\"name\":\"Whistleblowing &#8211; Segnalazione di illeciti\"}]},{\"@type\":\"WebSite\",\"@id\":\"https:\/\/www.lolipharma.it\/it\/#website\",\"url\":\"https:\/\/www.lolipharma.it\/it\/\",\"name\":\"Lo.Li. Pharma\",\"description\":\"Dispositivi Medici e Integratori alimentari\",\"potentialAction\":[{\"@type\":\"SearchAction\",\"target\":{\"@type\":\"EntryPoint\",\"urlTemplate\":\"https:\/\/www.lolipharma.it\/it\/?s={search_term_string}\"},\"query-input\":{\"@type\":\"PropertyValueSpecification\",\"valueRequired\":true,\"valueName\":\"search_term_string\"}}],\"inLanguage\":\"it-IT\"}]}<\/script>\n<!-- \/ Yoast SEO plugin. -->","yoast_head_json":{"title":"Whistleblowing - Segnalazione di illeciti - Lo.Li. Pharma","robots":{"index":"index","follow":"follow","max-snippet":"max-snippet:-1","max-image-preview":"max-image-preview:large","max-video-preview":"max-video-preview:-1"},"canonical":"https:\/\/www.lolipharma.it\/it\/whistleblowing-segnalazione-di-illeciti\/","og_locale":"it_IT","og_type":"article","og_title":"Whistleblowing - Segnalazione di illeciti - Lo.Li. Pharma","og_description":"Informativa sul trattamento dei dati personaliDati raccolti presso l'interessato Gentile interessato,scopo del presente documento \u00e8 di informare la persona fisica (secondo la normativa definito come \u201cinteressato\u201d) relativamente al trattamento dei dati personali raccolti dal titolare del trattamento LO.LI. PHARMA S.r.l. (di seguito anche \u201ctitolare\u201d), ai sensi dell'articolo 13 del regolamento (UE) 2016\/679 relativo alla protezione [&hellip;]","og_url":"https:\/\/www.lolipharma.it\/it\/whistleblowing-segnalazione-di-illeciti\/","og_site_name":"Lo.Li. Pharma","article_modified_time":"2024-01-18T15:01:36+00:00","twitter_card":"summary_large_image","twitter_misc":{"Tempo di lettura stimato":"6 minuti"},"schema":{"@context":"https:\/\/schema.org","@graph":[{"@type":"WebPage","@id":"https:\/\/www.lolipharma.it\/it\/whistleblowing-segnalazione-di-illeciti\/","url":"https:\/\/www.lolipharma.it\/it\/whistleblowing-segnalazione-di-illeciti\/","name":"Whistleblowing - Segnalazione di illeciti - Lo.Li. Pharma","isPartOf":{"@id":"https:\/\/www.lolipharma.it\/it\/#website"},"datePublished":"2024-01-18T15:01:28+00:00","dateModified":"2024-01-18T15:01:36+00:00","breadcrumb":{"@id":"https:\/\/www.lolipharma.it\/it\/whistleblowing-segnalazione-di-illeciti\/#breadcrumb"},"inLanguage":"it-IT","potentialAction":[{"@type":"ReadAction","target":["https:\/\/www.lolipharma.it\/it\/whistleblowing-segnalazione-di-illeciti\/"]}]},{"@type":"BreadcrumbList","@id":"https:\/\/www.lolipharma.it\/it\/whistleblowing-segnalazione-di-illeciti\/#breadcrumb","itemListElement":[{"@type":"ListItem","position":1,"name":"Home","item":"https:\/\/www.lolipharma.it\/it\/"},{"@type":"ListItem","position":2,"name":"Whistleblowing &#8211; Segnalazione di illeciti"}]},{"@type":"WebSite","@id":"https:\/\/www.lolipharma.it\/it\/#website","url":"https:\/\/www.lolipharma.it\/it\/","name":"Lo.Li. Pharma","description":"Dispositivi Medici e Integratori alimentari","potentialAction":[{"@type":"SearchAction","target":{"@type":"EntryPoint","urlTemplate":"https:\/\/www.lolipharma.it\/it\/?s={search_term_string}"},"query-input":{"@type":"PropertyValueSpecification","valueRequired":true,"valueName":"search_term_string"}}],"inLanguage":"it-IT"}]}},"_links":{"self":[{"href":"https:\/\/www.lolipharma.it\/it\/wp-json\/wp\/v2\/pages\/6791","targetHints":{"allow":["GET"]}}],"collection":[{"href":"https:\/\/www.lolipharma.it\/it\/wp-json\/wp\/v2\/pages"}],"about":[{"href":"https:\/\/www.lolipharma.it\/it\/wp-json\/wp\/v2\/types\/page"}],"author":[{"embeddable":true,"href":"https:\/\/www.lolipharma.it\/it\/wp-json\/wp\/v2\/users\/1"}],"replies":[{"embeddable":true,"href":"https:\/\/www.lolipharma.it\/it\/wp-json\/wp\/v2\/comments?post=6791"}],"version-history":[{"count":4,"href":"https:\/\/www.lolipharma.it\/it\/wp-json\/wp\/v2\/pages\/6791\/revisions"}],"predecessor-version":[{"id":6799,"href":"https:\/\/www.lolipharma.it\/it\/wp-json\/wp\/v2\/pages\/6791\/revisions\/6799"}],"wp:attachment":[{"href":"https:\/\/www.lolipharma.it\/it\/wp-json\/wp\/v2\/media?parent=6791"}],"curies":[{"name":"wp","href":"https:\/\/api.w.org\/{rel}","templated":true}]}}