{"id":51404,"date":"2025-01-28T19:04:02","date_gmt":"2025-01-28T18:04:02","guid":{"rendered":"https:\/\/www.lolipharma.it\/it\/?page_id=51404"},"modified":"2025-01-29T17:39:32","modified_gmt":"2025-01-29T16:39:32","slug":"il-mio-fibroma-podcast","status":"publish","type":"page","link":"https:\/\/www.lolipharma.it\/it\/il-mio-fibroma-podcast\/","title":{"rendered":"Il Mio Fibroma Podcast"},"content":{"rendered":"<p>[et_pb_section fb_built=&#8221;1&#8243; specialty=&#8221;on&#8221; disabled_on=&#8221;on|on|off&#8221; _builder_version=&#8221;4.19.4&#8243; _module_preset=&#8221;default&#8221; background_image=&#8221;https:\/\/www.lolipharma.it\/it\/wp-content\/uploads\/2025\/01\/donna-intestazione.png&#8221; global_colors_info=&#8221;{}&#8221;][et_pb_column type=&#8221;1_2&#8243; _builder_version=&#8221;4.16&#8243; custom_padding=&#8221;|||&#8221; global_colors_info=&#8221;{}&#8221; custom_padding__hover=&#8221;|||&#8221;][et_pb_text _builder_version=&#8221;4.19.4&#8243; _module_preset=&#8221;default&#8221; text_font=&#8221;Alegreya||||||||&#8221; header_font=&#8221;Fredoka One||||||||&#8221; header_font_size=&#8221;60px&#8221; header_2_font=&#8221;Fredoka One||||||||&#8221; header_2_font_size=&#8221;40px&#8221; module_alignment=&#8221;left&#8221; global_colors_info=&#8221;{}&#8221;]<\/p>\n<h1>Il mio fibroma<\/h1>\n<h2>PODCAST<\/h2>\n<p>[\/et_pb_text][et_pb_text _builder_version=&#8221;4.19.4&#8243; _module_preset=&#8221;default&#8221; text_font=&#8221;Abhaya Libre||||||||&#8221; text_text_color=&#8221;#000000&#8243; text_font_size=&#8221;40px&#8221; text_line_height=&#8221;1em&#8221; global_colors_info=&#8221;{}&#8221;]<\/p>\n<p>Un podcast che affronta l&#8217;impatto dei <span style=\"color: #e58395;\"><strong>fibromi uterini<\/strong> <\/span>sulla <span style=\"color: #e58395;\"><strong>dimensione emotiva<\/strong><\/span> e sulla <span style=\"color: #e58395;\"><strong>qualit\u00e0 di vita.<\/strong><\/span><\/p>\n<p>[\/et_pb_text][et_pb_text _builder_version=&#8221;4.19.4&#8243; _module_preset=&#8221;default&#8221; text_font=&#8221;Poppins||||||||&#8221; text_font_size=&#8221;19px&#8221; global_colors_info=&#8221;{}&#8221;]<\/p>\n<p>Questo \u00e8 <strong>Il mio fibroma<\/strong>, il podcast che esplora in profondit\u00e0 il tema dei fibromi uterini con l&#8217;aiuto di esperti nel campo della salute. In ogni episodio, ci immergeremo in <strong>diversi argomenti<\/strong> affrontati da medici <strong>ginecologi, psicologi<\/strong> e <strong>esperti in psicoterapia<\/strong>. I fibromi rappresentano una realt\u00e0 paradossale tra le patologie ginecologiche: estremamente diffusi, <strong>coinvolgono fino al 60% delle donne<\/strong>, ma spesso trascurati nel loro impatto sulla salute fisica e psicologica.<\/p>\n<p>[\/et_pb_text][et_pb_image src=&#8221;https:\/\/www.lolipharma.it\/it\/wp-content\/uploads\/2025\/01\/pulsante-spotify.png&#8221; title_text=&#8221;pulsante-spotify&#8221; url=&#8221;https:\/\/open.spotify.com\/show\/3OZ44URw0i4rr2HJ9f6d74&#8243; url_new_window=&#8221;on&#8221; _builder_version=&#8221;4.19.4&#8243; _module_preset=&#8221;default&#8221; global_colors_info=&#8221;{}&#8221;][\/et_pb_image][\/et_pb_column][et_pb_column type=&#8221;1_2&#8243; specialty_columns=&#8221;2&#8243; _builder_version=&#8221;4.16&#8243; custom_padding=&#8221;|||&#8221; global_colors_info=&#8221;{}&#8221; custom_padding__hover=&#8221;|||&#8221;][\/et_pb_column][\/et_pb_section][et_pb_section fb_built=&#8221;1&#8243; disabled_on=&#8221;off|off|on&#8221; _builder_version=&#8221;4.19.4&#8243; _module_preset=&#8221;default&#8221; background_image=&#8221;https:\/\/www.lolipharma.it\/it\/wp-content\/uploads\/2025\/01\/new-mobile-fibroma.png&#8221; global_colors_info=&#8221;{}&#8221;][et_pb_row _builder_version=&#8221;4.19.4&#8243; _module_preset=&#8221;default&#8221; global_colors_info=&#8221;{}&#8221;][et_pb_column type=&#8221;4_4&#8243; _builder_version=&#8221;4.19.4&#8243; _module_preset=&#8221;default&#8221; global_colors_info=&#8221;{}&#8221;][et_pb_text _builder_version=&#8221;4.19.4&#8243; _module_preset=&#8221;default&#8221; text_font=&#8221;Alegreya||||||||&#8221; header_font=&#8221;Fredoka One||||||||&#8221; header_font_size=&#8221;60px&#8221; header_2_font=&#8221;Fredoka One||||||||&#8221; header_2_font_size=&#8221;40px&#8221; module_alignment=&#8221;left&#8221; global_colors_info=&#8221;{}&#8221;]<\/p>\n<h1 style=\"text-align: center;\">Il mio fibroma<\/h1>\n<h2 style=\"text-align: center;\">PODCAST<\/h2>\n<p>[\/et_pb_text][et_pb_text _builder_version=&#8221;4.19.4&#8243; _module_preset=&#8221;default&#8221; text_font=&#8221;Abhaya Libre||||||||&#8221; text_text_color=&#8221;#000000&#8243; text_font_size=&#8221;40px&#8221; text_line_height=&#8221;1em&#8221; global_colors_info=&#8221;{}&#8221;]<\/p>\n<p style=\"text-align: center;\">Un podcast che affronta l&#8217;impatto dei <span style=\"color: #e58395;\"><strong>fibromi uterini<\/strong> <\/span>sulla <span style=\"color: #e58395;\"><strong>dimensione emotiva<\/strong><\/span> e sulla <span style=\"color: #e58395;\"><strong>qualit\u00e0 di vita.<\/strong><\/span><\/p>\n<p>[\/et_pb_text][et_pb_image src=&#8221;https:\/\/www.lolipharma.it\/it\/wp-content\/uploads\/2025\/01\/pulsante-spotify.png&#8221; title_text=&#8221;pulsante-spotify&#8221; url=&#8221;https:\/\/open.spotify.com\/show\/3OZ44URw0i4rr2HJ9f6d74&#8243; url_new_window=&#8221;on&#8221; align=&#8221;center&#8221; _builder_version=&#8221;4.19.4&#8243; _module_preset=&#8221;default&#8221; global_colors_info=&#8221;{}&#8221;][\/et_pb_image][\/et_pb_column][\/et_pb_row][\/et_pb_section][et_pb_section fb_built=&#8221;1&#8243; disabled_on=&#8221;off|off|on&#8221; _builder_version=&#8221;4.19.4&#8243; _module_preset=&#8221;default&#8221; custom_padding=&#8221;54px|||||&#8221; global_colors_info=&#8221;{}&#8221;][et_pb_row _builder_version=&#8221;4.19.4&#8243; _module_preset=&#8221;default&#8221; global_colors_info=&#8221;{}&#8221;][et_pb_column type=&#8221;4_4&#8243; _builder_version=&#8221;4.19.4&#8243; _module_preset=&#8221;default&#8221; global_colors_info=&#8221;{}&#8221;][et_pb_text _builder_version=&#8221;4.19.4&#8243; _module_preset=&#8221;default&#8221; text_font=&#8221;Poppins||||||||&#8221; text_font_size=&#8221;19px&#8221; global_colors_info=&#8221;{}&#8221;]<\/p>\n<p style=\"text-align: center;\">Questo \u00e8 <strong>Il mio fibroma<\/strong>, il podcast che esplora in profondit\u00e0 il tema dei fibromi uterini con l&#8217;aiuto di esperti nel campo della salute. In ogni episodio, ci immergeremo in <strong>diversi argomenti<\/strong> affrontati da medici <strong>ginecologi, psicologi<\/strong> e <strong>esperti in psicoterapia<\/strong>. I fibromi rappresentano una realt\u00e0 paradossale tra le patologie ginecologiche: estremamente diffusi, <strong>coinvolgono fino al 60% delle donne<\/strong>, ma spesso trascurati nel loro impatto sulla salute fisica e psicologica.<\/p>\n<p>[\/et_pb_text][\/et_pb_column][\/et_pb_row][\/et_pb_section][et_pb_section fb_built=&#8221;1&#8243; disabled_on=&#8221;off|off|off&#8221; _builder_version=&#8221;4.19.4&#8243; _module_preset=&#8221;default&#8221; global_colors_info=&#8221;{}&#8221;][et_pb_row _builder_version=&#8221;4.19.4&#8243; _module_preset=&#8221;default&#8221; width=&#8221;90%&#8221; module_alignment=&#8221;center&#8221; global_colors_info=&#8221;{}&#8221;][et_pb_column type=&#8221;4_4&#8243; _builder_version=&#8221;4.19.4&#8243; _module_preset=&#8221;default&#8221; global_colors_info=&#8221;{}&#8221;][et_pb_text _builder_version=&#8221;4.19.4&#8243; _module_preset=&#8221;default&#8221; text_font=&#8221;Alegreya||||||||&#8221; header_font=&#8221;Fredoka One||||||||&#8221; header_font_size=&#8221;60px&#8221; header_2_font=&#8221;Fredoka One||||||||&#8221; header_2_font_size=&#8221;40px&#8221; module_alignment=&#8221;left&#8221; global_colors_info=&#8221;{}&#8221;]<\/p>\n<h2 style=\"text-align: center;\">Ascolta gli episodi<\/h2>\n<p>[\/et_pb_text][et_pb_divider color=&#8221;#000000&#8243; _builder_version=&#8221;4.19.4&#8243; _module_preset=&#8221;default&#8221; global_colors_info=&#8221;{}&#8221;][\/et_pb_divider][et_pb_code _builder_version=&#8221;4.19.4&#8243; _module_preset=&#8221;default&#8221; global_colors_info=&#8221;{}&#8221;]<iframe style=\"border-radius:12px\" src=\"https:\/\/open.spotify.com\/embed\/episode\/1Xhl3UQ3VGsWTkgvubRCT7?utm_source=generator\" width=\"100%\" height=\"152\" frameBorder=\"0\" allowfullscreen=\"\" allow=\"autoplay; clipboard-write; encrypted-media; fullscreen; picture-in-picture\" loading=\"lazy\"><\/iframe>[\/et_pb_code][et_pb_code _builder_version=&#8221;4.19.4&#8243; _module_preset=&#8221;default&#8221; global_colors_info=&#8221;{}&#8221;]<iframe style=\"border-radius:12px\" src=\"https:\/\/open.spotify.com\/embed\/episode\/6z6KgStPAnVlEIheRoA3ZR?utm_source=generator\" width=\"100%\" height=\"152\" frameBorder=\"0\" allowfullscreen=\"\" allow=\"autoplay; clipboard-write; encrypted-media; fullscreen; picture-in-picture\" loading=\"lazy\"><\/iframe>[\/et_pb_code][et_pb_code _builder_version=&#8221;4.19.4&#8243; _module_preset=&#8221;default&#8221; global_colors_info=&#8221;{}&#8221;]<iframe style=\"border-radius:12px\" src=\"https:\/\/open.spotify.com\/embed\/episode\/3ASeICoMaOPuilc2ZBUXOv?utm_source=generator\" width=\"100%\" height=\"152\" frameBorder=\"0\" allowfullscreen=\"\" allow=\"autoplay; clipboard-write; encrypted-media; fullscreen; picture-in-picture\" loading=\"lazy\"><\/iframe>[\/et_pb_code][et_pb_code _builder_version=&#8221;4.19.4&#8243; _module_preset=&#8221;default&#8221; global_colors_info=&#8221;{}&#8221;]<iframe style=\"border-radius:12px\" src=\"https:\/\/open.spotify.com\/embed\/episode\/3NT6oJ36TQuWiIPHlWYeAM?utm_source=generator\" width=\"100%\" height=\"152\" frameBorder=\"0\" allowfullscreen=\"\" allow=\"autoplay; clipboard-write; encrypted-media; fullscreen; picture-in-picture\" loading=\"lazy\"><\/iframe>[\/et_pb_code][et_pb_code _builder_version=&#8221;4.19.4&#8243; _module_preset=&#8221;default&#8221; global_colors_info=&#8221;{}&#8221;]<iframe style=\"border-radius:12px\" src=\"https:\/\/open.spotify.com\/embed\/episode\/6FPCrXDkcFtu23jhLwoSCv?utm_source=generator\" width=\"100%\" height=\"152\" frameBorder=\"0\" allowfullscreen=\"\" allow=\"autoplay; clipboard-write; encrypted-media; fullscreen; picture-in-picture\" loading=\"lazy\"><\/iframe>[\/et_pb_code][et_pb_code _builder_version=&#8221;4.19.4&#8243; _module_preset=&#8221;default&#8221; global_colors_info=&#8221;{}&#8221;]<iframe style=\"border-radius:12px\" src=\"https:\/\/open.spotify.com\/embed\/episode\/4pjWBMItah0DTX5Q3AYcQl?utm_source=generator\" width=\"100%\" height=\"152\" frameBorder=\"0\" allowfullscreen=\"\" allow=\"autoplay; clipboard-write; encrypted-media; fullscreen; picture-in-picture\" loading=\"lazy\"><\/iframe>[\/et_pb_code][\/et_pb_column][\/et_pb_row][\/et_pb_section][et_pb_section fb_built=&#8221;1&#8243; _builder_version=&#8221;4.19.4&#8243; _module_preset=&#8221;default&#8221; global_colors_info=&#8221;{}&#8221;][et_pb_row _builder_version=&#8221;4.19.4&#8243; _module_preset=&#8221;default&#8221; global_colors_info=&#8221;{}&#8221;][et_pb_column type=&#8221;4_4&#8243; _builder_version=&#8221;4.19.4&#8243; _module_preset=&#8221;default&#8221; global_colors_info=&#8221;{}&#8221;][et_pb_text _builder_version=&#8221;4.19.4&#8243; _module_preset=&#8221;default&#8221; text_font=&#8221;Alegreya||||||||&#8221; header_font=&#8221;Fredoka One||||||||&#8221; header_font_size=&#8221;60px&#8221; header_2_font=&#8221;Fredoka One||||||||&#8221; header_2_font_size=&#8221;40px&#8221; module_alignment=&#8221;left&#8221; global_colors_info=&#8221;{}&#8221;]<\/p>\n<h2 style=\"text-align: center;\">Conosci gli esperti<\/h2>\n<p>[\/et_pb_text][et_pb_divider color=&#8221;#000000&#8243; _builder_version=&#8221;4.19.4&#8243; _module_preset=&#8221;default&#8221; global_colors_info=&#8221;{}&#8221;][\/et_pb_divider][\/et_pb_column][\/et_pb_row][et_pb_row column_structure=&#8221;2_5,3_5&#8243; _builder_version=&#8221;4.19.4&#8243; _module_preset=&#8221;default&#8221; global_colors_info=&#8221;{}&#8221;][et_pb_column type=&#8221;2_5&#8243; _builder_version=&#8221;4.19.4&#8243; _module_preset=&#8221;default&#8221; global_colors_info=&#8221;{}&#8221;][et_pb_image src=&#8221;https:\/\/www.lolipharma.it\/it\/wp-content\/uploads\/2025\/01\/decesario_ilmiofibroma-1024&#215;1024-1.png&#8221; title_text=&#8221;decesario_ilmiofibroma&#8221; _builder_version=&#8221;4.19.4&#8243; _module_preset=&#8221;default&#8221; global_colors_info=&#8221;{}&#8221;][\/et_pb_image][\/et_pb_column][et_pb_column type=&#8221;3_5&#8243; _builder_version=&#8221;4.19.4&#8243; _module_preset=&#8221;default&#8221; global_colors_info=&#8221;{}&#8221;][et_pb_text _builder_version=&#8221;4.19.4&#8243; _module_preset=&#8221;default&#8221; text_font=&#8221;Fredoka One||||||||&#8221; header_font=&#8221;Poppins||||||||&#8221; header_2_font=&#8221;Poppins||||||||&#8221; header_2_font_size=&#8221;23px&#8221; global_colors_info=&#8221;{}&#8221;]<\/p>\n<h2>Dr.ssa Daniela De Cesario\u200b &#8211; Psicologa e Psicoterapeuta<\/h2>\n<p>[\/et_pb_text][et_pb_text _builder_version=&#8221;4.19.4&#8243; _module_preset=&#8221;default&#8221; text_font=&#8221;Poppins||||||||&#8221; global_colors_info=&#8221;{}&#8221;]<\/p>\n<p>Si occupa di sostegno psicologico e psicoterapia ai singoli e alle coppie infertili, dai percorsi di PMA, al dolore cronico, endometriosi, fibromialgia, SM, malattie genetiche. Creatrice e responsabile del progetto \u201cFecondit\u00e0 Serena\u201d per la consulenza in psicologia della riproduzione. Coordinatrice e docente del \u201cMaster in PMA e gestione psicologica dell\u2019infertilit\u00e0\u201d e del \u201cMaster in endometriosi e patologia vulvare\u201d.<\/p>\n<p>[\/et_pb_text][\/et_pb_column][\/et_pb_row][et_pb_row column_structure=&#8221;3_5,2_5&#8243; _builder_version=&#8221;4.19.4&#8243; _module_preset=&#8221;default&#8221; global_colors_info=&#8221;{}&#8221;][et_pb_column type=&#8221;3_5&#8243; _builder_version=&#8221;4.19.4&#8243; _module_preset=&#8221;default&#8221; global_colors_info=&#8221;{}&#8221;][et_pb_text _builder_version=&#8221;4.19.4&#8243; _module_preset=&#8221;default&#8221; text_font=&#8221;Fredoka One||||||||&#8221; header_font=&#8221;Poppins||||||||&#8221; header_2_font=&#8221;Poppins||||||||&#8221; header_2_font_size=&#8221;23px&#8221; global_colors_info=&#8221;{}&#8221;]<\/p>\n<h2>Dr.ssa Terryann Spagnuolo &#8211; Ginecologa<\/h2>\n<p>[\/et_pb_text][et_pb_text _builder_version=&#8221;4.19.4&#8243; _module_preset=&#8221;default&#8221; text_font=&#8221;Poppins||||||||&#8221; global_colors_info=&#8221;{}&#8221;]<\/p>\n<p>Dott.ssa Terryann Spagnuolo, medico chirurgo specialista in ostetricia e ginecologia. La sua formazione \u00e8 a 360\u00b0 sull\u2019universo femminile con particolare dedizione alla diagnostica ecografica. Recentemente ha intrapreso un percorso di studi in medicina estetica volgendo il suo interesse verso l\u2019applicazione di metodiche medico estetiche in ambito ginecologico.<br \/>Amante della comunicazione medico-paziente fa divulgazione sui propri profili social su temi medici di sua competenza sensibilizzando il pubblico sull\u2019importanza della prevenzione.<\/p>\n<p>[\/et_pb_text][\/et_pb_column][et_pb_column type=&#8221;2_5&#8243; _builder_version=&#8221;4.19.4&#8243; _module_preset=&#8221;default&#8221; global_colors_info=&#8221;{}&#8221;][et_pb_image src=&#8221;https:\/\/www.lolipharma.it\/it\/wp-content\/uploads\/2025\/01\/Spagnuolo-ilmiofibroma.png&#8221; title_text=&#8221;Spagnuolo-ilmiofibroma&#8221; _builder_version=&#8221;4.19.4&#8243; _module_preset=&#8221;default&#8221; global_colors_info=&#8221;{}&#8221;][\/et_pb_image][\/et_pb_column][\/et_pb_row][et_pb_row column_structure=&#8221;2_5,3_5&#8243; _builder_version=&#8221;4.19.4&#8243; _module_preset=&#8221;default&#8221; global_colors_info=&#8221;{}&#8221;][et_pb_column type=&#8221;2_5&#8243; _builder_version=&#8221;4.19.4&#8243; _module_preset=&#8221;default&#8221; global_colors_info=&#8221;{}&#8221;][et_pb_image src=&#8221;https:\/\/www.lolipharma.it\/it\/wp-content\/uploads\/2025\/01\/porcaro_ilmiofibroma-1024&#215;1024-1.png&#8221; title_text=&#8221;porcaro_ilmiofibroma&#8221; _builder_version=&#8221;4.19.4&#8243; _module_preset=&#8221;default&#8221; global_colors_info=&#8221;{}&#8221;][\/et_pb_image][\/et_pb_column][et_pb_column type=&#8221;3_5&#8243; _builder_version=&#8221;4.19.4&#8243; _module_preset=&#8221;default&#8221; global_colors_info=&#8221;{}&#8221;][et_pb_text _builder_version=&#8221;4.19.4&#8243; _module_preset=&#8221;default&#8221; text_font=&#8221;Fredoka One||||||||&#8221; header_font=&#8221;Poppins||||||||&#8221; header_2_font=&#8221;Poppins||||||||&#8221; header_2_font_size=&#8221;23px&#8221; global_colors_info=&#8221;{}&#8221;]<\/p>\n<h2>Dr.ssa Giuseppina Porcaro\u200b &#8211; Ginecologa<\/h2>\n<p>[\/et_pb_text][et_pb_text _builder_version=&#8221;4.19.4&#8243; _module_preset=&#8221;default&#8221; text_font=&#8221;Poppins||||||||&#8221; global_colors_info=&#8221;{}&#8221;]<\/p>\n<p>Dott.ssa Giusi Porcaro, medico chirurgo specialista in ginecologia e ostetricia. Attualmente Dirigente Medico del Consultorio Familiare prima di Orvieto poi di Terni presso la Asl Umbria 2, dove oltre l\u2019attivit\u00e0 ambulatoriale clinica effettua anche attivit\u00e0 ambulatoriale diagnostica ultrasonografica ginecologica ed ostetrica. Svolge attivit\u00e0 privata presso i suoi studi di Roma e Terni dove si occupa di gravidanze a rischio, diagnosi prenatale, counseling per infertilit\u00e0, diagnostica ultrasonografica ginecologica ed ostetrica di I e II livello, ginecologica endocrinologica, con particolare attenzione alle problematiche adolescenziali e della menopausa.<\/p>\n<p>[\/et_pb_text][\/et_pb_column][\/et_pb_row][et_pb_row column_structure=&#8221;3_5,2_5&#8243; _builder_version=&#8221;4.19.4&#8243; _module_preset=&#8221;default&#8221; global_colors_info=&#8221;{}&#8221;][et_pb_column type=&#8221;3_5&#8243; _builder_version=&#8221;4.19.4&#8243; _module_preset=&#8221;default&#8221; global_colors_info=&#8221;{}&#8221;][et_pb_text _builder_version=&#8221;4.19.4&#8243; _module_preset=&#8221;default&#8221; text_font=&#8221;Fredoka One||||||||&#8221; header_font=&#8221;Poppins||||||||&#8221; header_2_font=&#8221;Poppins||||||||&#8221; header_2_font_size=&#8221;23px&#8221; global_colors_info=&#8221;{}&#8221;]<\/p>\n<h2>Dr.ssa Efisia Poli &#8211; Psicologa<\/h2>\n<p>[\/et_pb_text][et_pb_text _builder_version=&#8221;4.19.4&#8243; _module_preset=&#8221;default&#8221; text_font=&#8221;Poppins||||||||&#8221; global_colors_info=&#8221;{}&#8221;]<\/p>\n<p>La Dott.ssa Efisia Poli dopo aver conseguito la laurea con lode in Italia, ha proseguito la sua formazione professionale in Spagna presso rinomati centri di psicologia clinica. La sua esperienza e formazione, le permettono di offrire un importante sostegno psicologico a tutte le donne che soffrono di patologie uro-ginecologiche come vulvodinia, endometriosi e disfunzioni del pavimento pelvico, che spesso, provocano delle importanti ripercussioni psicologiche nelle pazienti. Attualmente esercita sia online e sia in presenza presso il suo studio privato a Cagliari.<\/p>\n<p>[\/et_pb_text][\/et_pb_column][et_pb_column type=&#8221;2_5&#8243; _builder_version=&#8221;4.19.4&#8243; _module_preset=&#8221;default&#8221; global_colors_info=&#8221;{}&#8221;][et_pb_image src=&#8221;https:\/\/www.lolipharma.it\/it\/wp-content\/uploads\/2025\/01\/poli_ilmiofibroma-1024&#215;1024-1.png&#8221; title_text=&#8221;poli_ilmiofibroma&#8221; _builder_version=&#8221;4.19.4&#8243; _module_preset=&#8221;default&#8221; global_colors_info=&#8221;{}&#8221;][\/et_pb_image][\/et_pb_column][\/et_pb_row][\/et_pb_section][et_pb_section fb_built=&#8221;1&#8243; _builder_version=&#8221;4.19.4&#8243; _module_preset=&#8221;default&#8221; global_colors_info=&#8221;{}&#8221;][et_pb_row column_structure=&#8221;1_2,1_4,1_4&#8243; _builder_version=&#8221;4.19.4&#8243; _module_preset=&#8221;default&#8221; global_colors_info=&#8221;{}&#8221;][et_pb_column type=&#8221;1_2&#8243; _builder_version=&#8221;4.19.4&#8243; _module_preset=&#8221;default&#8221; global_colors_info=&#8221;{}&#8221;][et_pb_text _builder_version=&#8221;4.19.4&#8243; _module_preset=&#8221;default&#8221; text_font=&#8221;Abhaya Libre||||||||&#8221; header_2_font=&#8221;Abhaya Libre||||||||&#8221; global_colors_info=&#8221;{}&#8221;]<\/p>\n<h2>Questo progetto \u00e8 stato realizzato con il contributo non condizionante di<\/h2>\n<p>[\/et_pb_text][\/et_pb_column][et_pb_column type=&#8221;1_4&#8243; _builder_version=&#8221;4.19.4&#8243; _module_preset=&#8221;default&#8221; global_colors_info=&#8221;{}&#8221;][et_pb_image src=&#8221;https:\/\/www.lolipharma.it\/it\/wp-content\/uploads\/2025\/01\/logo-lolipharma-ilmiofibroma.png&#8221; title_text=&#8221;logo-lolipharma-ilmiofibroma&#8221; _builder_version=&#8221;4.27.4&#8243; _module_preset=&#8221;default&#8221; hover_enabled=&#8221;0&#8243; global_colors_info=&#8221;{}&#8221; url=&#8221;https:\/\/www.lolipharma.it\/&#8221; sticky_enabled=&#8221;0&#8243;][\/et_pb_image][\/et_pb_column][et_pb_column type=&#8221;1_4&#8243; _builder_version=&#8221;4.19.4&#8243; _module_preset=&#8221;default&#8221; global_colors_info=&#8221;{}&#8221;][\/et_pb_column][\/et_pb_row][\/et_pb_section]<\/p>\n","protected":false},"excerpt":{"rendered":"<p>Il mio fibroma PODCASTUn podcast che affronta l&#8217;impatto dei fibromi uterini sulla dimensione emotiva e sulla qualit\u00e0 di vita.Questo \u00e8 Il mio fibroma, il podcast che esplora in profondit\u00e0 il tema dei fibromi uterini con l&#8217;aiuto di esperti nel campo della salute. In ogni episodio, ci immergeremo in diversi argomenti affrontati da medici ginecologi, psicologi [&hellip;]<\/p>\n","protected":false},"author":1,"featured_media":0,"parent":0,"menu_order":0,"comment_status":"closed","ping_status":"closed","template":"","meta":{"_acf_changed":false,"_et_pb_use_builder":"on","_et_pb_old_content":"","_et_gb_content_width":"","footnotes":""},"class_list":["post-51404","page","type-page","status-publish","hentry"],"acf":[],"yoast_head":"<!-- This site is optimized with the Yoast SEO plugin v25.6 - https:\/\/yoast.com\/wordpress\/plugins\/seo\/ -->\n<title>Il Mio Fibroma Podcast - Lo.Li. Pharma<\/title>\n<meta name=\"robots\" content=\"index, follow, max-snippet:-1, max-image-preview:large, max-video-preview:-1\" \/>\n<link rel=\"canonical\" href=\"https:\/\/www.lolipharma.it\/it\/il-mio-fibroma-podcast\/\" \/>\n<meta property=\"og:locale\" content=\"it_IT\" \/>\n<meta property=\"og:type\" content=\"article\" \/>\n<meta property=\"og:title\" content=\"Il Mio Fibroma Podcast - Lo.Li. Pharma\" \/>\n<meta property=\"og:description\" content=\"Il mio fibroma PODCASTUn podcast che affronta l&#039;impatto dei fibromi uterini sulla dimensione emotiva e sulla qualit\u00e0 di vita.Questo \u00e8 Il mio fibroma, il podcast che esplora in profondit\u00e0 il tema dei fibromi uterini con l&#039;aiuto di esperti nel campo della salute. In ogni episodio, ci immergeremo in diversi argomenti affrontati da medici ginecologi, psicologi [&hellip;]\" \/>\n<meta property=\"og:url\" content=\"https:\/\/www.lolipharma.it\/it\/il-mio-fibroma-podcast\/\" \/>\n<meta property=\"og:site_name\" content=\"Lo.Li. Pharma\" \/>\n<meta property=\"article:modified_time\" content=\"2025-01-29T16:39:32+00:00\" \/>\n<meta name=\"twitter:card\" content=\"summary_large_image\" \/>\n<meta name=\"twitter:label1\" content=\"Tempo di lettura stimato\" \/>\n\t<meta name=\"twitter:data1\" content=\"5 minuti\" \/>\n<script type=\"application\/ld+json\" class=\"yoast-schema-graph\">{\"@context\":\"https:\/\/schema.org\",\"@graph\":[{\"@type\":\"WebPage\",\"@id\":\"https:\/\/www.lolipharma.it\/it\/il-mio-fibroma-podcast\/\",\"url\":\"https:\/\/www.lolipharma.it\/it\/il-mio-fibroma-podcast\/\",\"name\":\"Il Mio Fibroma Podcast - Lo.Li. Pharma\",\"isPartOf\":{\"@id\":\"https:\/\/www.lolipharma.it\/it\/#website\"},\"datePublished\":\"2025-01-28T18:04:02+00:00\",\"dateModified\":\"2025-01-29T16:39:32+00:00\",\"breadcrumb\":{\"@id\":\"https:\/\/www.lolipharma.it\/it\/il-mio-fibroma-podcast\/#breadcrumb\"},\"inLanguage\":\"it-IT\",\"potentialAction\":[{\"@type\":\"ReadAction\",\"target\":[\"https:\/\/www.lolipharma.it\/it\/il-mio-fibroma-podcast\/\"]}]},{\"@type\":\"BreadcrumbList\",\"@id\":\"https:\/\/www.lolipharma.it\/it\/il-mio-fibroma-podcast\/#breadcrumb\",\"itemListElement\":[{\"@type\":\"ListItem\",\"position\":1,\"name\":\"Home\",\"item\":\"https:\/\/www.lolipharma.it\/it\/\"},{\"@type\":\"ListItem\",\"position\":2,\"name\":\"Il Mio Fibroma Podcast\"}]},{\"@type\":\"WebSite\",\"@id\":\"https:\/\/www.lolipharma.it\/it\/#website\",\"url\":\"https:\/\/www.lolipharma.it\/it\/\",\"name\":\"Lo.Li. Pharma\",\"description\":\"Dispositivi Medici e Integratori alimentari\",\"potentialAction\":[{\"@type\":\"SearchAction\",\"target\":{\"@type\":\"EntryPoint\",\"urlTemplate\":\"https:\/\/www.lolipharma.it\/it\/?s={search_term_string}\"},\"query-input\":{\"@type\":\"PropertyValueSpecification\",\"valueRequired\":true,\"valueName\":\"search_term_string\"}}],\"inLanguage\":\"it-IT\"}]}<\/script>\n<!-- \/ Yoast SEO plugin. -->","yoast_head_json":{"title":"Il Mio Fibroma Podcast - Lo.Li. Pharma","robots":{"index":"index","follow":"follow","max-snippet":"max-snippet:-1","max-image-preview":"max-image-preview:large","max-video-preview":"max-video-preview:-1"},"canonical":"https:\/\/www.lolipharma.it\/it\/il-mio-fibroma-podcast\/","og_locale":"it_IT","og_type":"article","og_title":"Il Mio Fibroma Podcast - Lo.Li. Pharma","og_description":"Il mio fibroma PODCASTUn podcast che affronta l'impatto dei fibromi uterini sulla dimensione emotiva e sulla qualit\u00e0 di vita.Questo \u00e8 Il mio fibroma, il podcast che esplora in profondit\u00e0 il tema dei fibromi uterini con l'aiuto di esperti nel campo della salute. In ogni episodio, ci immergeremo in diversi argomenti affrontati da medici ginecologi, psicologi [&hellip;]","og_url":"https:\/\/www.lolipharma.it\/it\/il-mio-fibroma-podcast\/","og_site_name":"Lo.Li. Pharma","article_modified_time":"2025-01-29T16:39:32+00:00","twitter_card":"summary_large_image","twitter_misc":{"Tempo di lettura stimato":"5 minuti"},"schema":{"@context":"https:\/\/schema.org","@graph":[{"@type":"WebPage","@id":"https:\/\/www.lolipharma.it\/it\/il-mio-fibroma-podcast\/","url":"https:\/\/www.lolipharma.it\/it\/il-mio-fibroma-podcast\/","name":"Il Mio Fibroma Podcast - Lo.Li. Pharma","isPartOf":{"@id":"https:\/\/www.lolipharma.it\/it\/#website"},"datePublished":"2025-01-28T18:04:02+00:00","dateModified":"2025-01-29T16:39:32+00:00","breadcrumb":{"@id":"https:\/\/www.lolipharma.it\/it\/il-mio-fibroma-podcast\/#breadcrumb"},"inLanguage":"it-IT","potentialAction":[{"@type":"ReadAction","target":["https:\/\/www.lolipharma.it\/it\/il-mio-fibroma-podcast\/"]}]},{"@type":"BreadcrumbList","@id":"https:\/\/www.lolipharma.it\/it\/il-mio-fibroma-podcast\/#breadcrumb","itemListElement":[{"@type":"ListItem","position":1,"name":"Home","item":"https:\/\/www.lolipharma.it\/it\/"},{"@type":"ListItem","position":2,"name":"Il Mio Fibroma Podcast"}]},{"@type":"WebSite","@id":"https:\/\/www.lolipharma.it\/it\/#website","url":"https:\/\/www.lolipharma.it\/it\/","name":"Lo.Li. Pharma","description":"Dispositivi Medici e Integratori alimentari","potentialAction":[{"@type":"SearchAction","target":{"@type":"EntryPoint","urlTemplate":"https:\/\/www.lolipharma.it\/it\/?s={search_term_string}"},"query-input":{"@type":"PropertyValueSpecification","valueRequired":true,"valueName":"search_term_string"}}],"inLanguage":"it-IT"}]}},"_links":{"self":[{"href":"https:\/\/www.lolipharma.it\/it\/wp-json\/wp\/v2\/pages\/51404","targetHints":{"allow":["GET"]}}],"collection":[{"href":"https:\/\/www.lolipharma.it\/it\/wp-json\/wp\/v2\/pages"}],"about":[{"href":"https:\/\/www.lolipharma.it\/it\/wp-json\/wp\/v2\/types\/page"}],"author":[{"embeddable":true,"href":"https:\/\/www.lolipharma.it\/it\/wp-json\/wp\/v2\/users\/1"}],"replies":[{"embeddable":true,"href":"https:\/\/www.lolipharma.it\/it\/wp-json\/wp\/v2\/comments?post=51404"}],"version-history":[{"count":6,"href":"https:\/\/www.lolipharma.it\/it\/wp-json\/wp\/v2\/pages\/51404\/revisions"}],"predecessor-version":[{"id":51518,"href":"https:\/\/www.lolipharma.it\/it\/wp-json\/wp\/v2\/pages\/51404\/revisions\/51518"}],"wp:attachment":[{"href":"https:\/\/www.lolipharma.it\/it\/wp-json\/wp\/v2\/media?parent=51404"}],"curies":[{"name":"wp","href":"https:\/\/api.w.org\/{rel}","templated":true}]}}